{"id":10032,"date":"2025-08-26T12:23:07","date_gmt":"2025-08-26T12:23:07","guid":{"rendered":"https:\/\/berns.se\/?post_type=event&#038;p=10032"},"modified":"2025-09-26T13:52:53","modified_gmt":"2025-09-26T13:52:53","slug":"kerstin-ljungstrom","status":"publish","type":"event","link":"https:\/\/berns.se\/sv\/kalender\/kerstin-ljungstrom\/","title":{"rendered":"Kerstin Ljungstr\u00f6m"},"content":{"rendered":"<p>Med den nya singeln av Kerstin Ljungstr\u00f6m, \u201dRegn \u00d6ver Zinken\u201d fr\u00e5n sitt kommande album. Kommer hon och g\u00f6r sin hittills st\u00f6rsta spelningar \u2013 p\u00e5 Berns i Stockholm den 6\/3 2026.<\/p>\n<p>Kerstin Ljungstr\u00f6m tar sig an varje scen med gener\u00f6s v\u00e4rme och sveper in publiken i texter tagna fr\u00e5n verkligheten. Detta \u00e4r n\u00e5got m\u00e5nga har f\u00e5tt uppleva live i sommar n\u00e4r Kerstin och hennes band spelat p\u00e5 platser som Tr\u00e4dg\u00e5rden i Stockholm, Storsj\u00f6yran i \u00d6stersund och snart \u00e4ven p\u00e5 Way Out West i G\u00f6teborg.<\/p>\n<p>Den sensommardoftande singeln \u201dRegn \u00f6ver Zinken\u201d, skriven tillsammans med bland annat Joakim Berg. Det \u00e4r \u00e4nnu ett smakprov p\u00e5 Kerstins kommande album och grundpelaren f\u00f6r v\u00e5rens konserter, som g\u00e5r under namnet \u201dTryna make it in LA Tour\u201d. Kerstin h\u00e4lsar:<\/p>\n<p><em>\u201dDet finns inget jag l\u00e4ngtar mer till \u00e4n Berns och Pustervik. Att f\u00e5 spela ett helt nytt album som jag \u00e4r s\u00e5 sjukt stolt \u00f6ver p\u00e5 dessa st\u00e4llen \u00e4r en dr\u00f6m som g\u00e5r i uppfyllelse. Dessa spelningar kommer bli n\u00e5got helt annat \u00e4n vad ni sett mig g\u00f6ra f\u00f6rut.\u201d<\/em><\/p>\n<p>Kerstins karri\u00e4r startade bakom kulisserna, med att skriva och producera hits till n\u00e5gra av landets st\u00f6rsta artister som t.ex. Agnes och Daniela Rathana. Hennes unika kombination av kreativ talang och scenisk karisma har redan gett henne stora hyllningar och nomineringar till Grammis, P3 Guld och Denniz Pop Awards, som kulminerade i Grammis-vinsten 2022 i kategorin \u201d\u00c5rets komposit\u00f6r\u201d f\u00f6r sitt arbete med Agnes album \u201dMagic still exists\u201d. Under 2023 sl\u00e4ppte hon det kritikerrosade debutalbumet \u201dTill dig\u201d med singeln \u201dVA!?\u201d som blev trippelt grammisnominerat 2024 &#8211; \u201d\u00c5rets komposit\u00f6r\u201d, \u201d\u00c5rets producent\u201d och \u201d\u00c5rets pop\u201d, hon blev \u00e4ven nominerad till \u201d\u00c5rets l\u00e5tcitat\u201d p\u00e5 P3 Guldgalan 2023.<\/p>\n","protected":false},"featured_media":10033,"template":"","class_list":["post-10032","event","type-event","status-publish","has-post-thumbnail","hentry"],"acf":[],"_links":{"self":[{"href":"https:\/\/berns.se\/sv\/wp-json\/wp\/v2\/event\/10032","targetHints":{"allow":["GET"]}}],"collection":[{"href":"https:\/\/berns.se\/sv\/wp-json\/wp\/v2\/event"}],"about":[{"href":"https:\/\/berns.se\/sv\/wp-json\/wp\/v2\/types\/event"}],"version-history":[{"count":3,"href":"https:\/\/berns.se\/sv\/wp-json\/wp\/v2\/event\/10032\/revisions"}],"predecessor-version":[{"id":10459,"href":"https:\/\/berns.se\/sv\/wp-json\/wp\/v2\/event\/10032\/revisions\/10459"}],"wp:featuredmedia":[{"embeddable":true,"href":"https:\/\/berns.se\/sv\/wp-json\/wp\/v2\/media\/10033"}],"wp:attachment":[{"href":"https:\/\/berns.se\/sv\/wp-json\/wp\/v2\/media?parent=10032"}],"curies":[{"name":"wp","href":"https:\/\/api.w.org\/{rel}","templated":true}]}}